{"id":1496,"date":"2019-02-14T10:16:50","date_gmt":"2019-02-14T09:16:50","guid":{"rendered":"https:\/\/art.kallmuenz.it\/transparente-verwaltung\/"},"modified":"2025-07-03T08:38:29","modified_gmt":"2025-07-03T06:38:29","slug":"amministrazione-trasparente","status":"publish","type":"page","link":"https:\/\/art.kallmuenz.it\/it\/amministrazione-trasparente\/","title":{"rendered":"Amministrazione Trasparente"},"content":{"rendered":"\n<style type=\"text\/css\" data-created_by=\"avia_inline_auto\" id=\"style-css-av-2mfdp4-0bf5cced1e8062b723904f7b520a3979\">\n#top .av-special-heading.av-2mfdp4-0bf5cced1e8062b723904f7b520a3979{\npadding-bottom:10px;\n}\nbody .av-special-heading.av-2mfdp4-0bf5cced1e8062b723904f7b520a3979 .av-special-heading-tag .heading-char{\nfont-size:25px;\n}\n.av-special-heading.av-2mfdp4-0bf5cced1e8062b723904f7b520a3979 .av-subheading{\nfont-size:15px;\n}\n<\/style>\n<div  class='av-special-heading av-2mfdp4-0bf5cced1e8062b723904f7b520a3979 av-special-heading-h1  avia-builder-el-0  el_before_av_hr  avia-builder-el-first  av-linked-heading'><h1 class='av-special-heading-tag '  itemprop=\"headline\"  >AMMINISTRAZIONE TRASPARENTE<\/h1><div class=\"special-heading-border\"><div class=\"special-heading-inner-border\"><\/div><\/div><\/div>\n\n<style type=\"text\/css\" data-created_by=\"avia_inline_auto\" id=\"style-css-av-17yogo-3164341007982b81d48afebe6221dd76\">\n#top .hr.hr-invisible.av-17yogo-3164341007982b81d48afebe6221dd76{\nheight:20px;\n}\n<\/style>\n<div  class='hr av-17yogo-3164341007982b81d48afebe6221dd76 hr-invisible  avia-builder-el-1  el_after_av_heading  el_before_av_textblock '><span class='hr-inner '><span class=\"hr-inner-style\"><\/span><\/span><\/div>\n<section  class='av_textblock_section av-agvmso-40e8005b343be077372091fe9a02433c '   itemscope=\"itemscope\" itemtype=\"https:\/\/schema.org\/CreativeWork\" ><div class='avia_textblock'  itemprop=\"text\" ><p><strong>Pubblicazione in base all\u00b4 art. 9,\u00a0 comma 2 del Decreto Legge 8 agosto 2013 n. 91.<\/strong><br \/>\n<strong>Il direttivo, nominato con l\u00b4atto costituzionale del 16\/04\/2007, \u00e8 composto di:<\/strong><\/p>\n<p>Khuen Meinhard &#8211; Presidente<br \/>\nEllmenreich Joachim &#8211; Vicepresidente<br \/>\nBellasi Claudia Ingrid &#8211; Segretaria<br \/>\nSpringeth Eduard\u00a0 &#8211; Cassiere<\/p>\n<p>I 4 membri del direttivo svolgono gli incarichi a titolo gratuito.<\/p>\n<\/div><\/section>\n\n<style type=\"text\/css\" data-created_by=\"avia_inline_auto\" id=\"style-css-av-9qlzl4-0aac1c6fb1d1409e193d35425dd4d682\">\n#top .hr.hr-invisible.av-9qlzl4-0aac1c6fb1d1409e193d35425dd4d682{\nheight:20px;\n}\n<\/style>\n<div  class='hr av-9qlzl4-0aac1c6fb1d1409e193d35425dd4d682 hr-invisible  avia-builder-el-3  el_after_av_textblock  el_before_av_textblock '><span class='hr-inner '><span class=\"hr-inner-style\"><\/span><\/span><\/div>\n<section  class='av_textblock_section av-84tfw8-7422e176b1ce9db50a008a0c7fcadbe7 '   itemscope=\"itemscope\" itemtype=\"https:\/\/schema.org\/CreativeWork\" ><div class='avia_textblock'  itemprop=\"text\" ><p><strong>Curriculum vitae:<\/strong><\/p>\n<p>Khuen Meinhard<br \/>\nPresidente del Ass. Cult. Kallm\u00fcnz dal 1989, che organizza non solo il Festival d\u00b4Arte di strada &#8220;Asfaltart&#8221;ma anche serate di Cabaret, mostre d\u00b4arte e altri eventi culturali, fa parte dell\u00b4organizzazione dei teatri &#8220;Freilchtspiele Lana&#8221; e &#8220;Schlossfestspiele Tirol&#8221;<\/p>\n<p>Ellmenreich Joachim<br \/>\nfa parte dell\u00b4organizzazione sino dall\u00b4inizio del festival &#8220;Asfaltart&#8221; nel 2007\u00a0 come Vicepresidente dell\u00b4ass. Kallm\u00fcnz<\/p>\n<p>Bellasi Claudia Ingrid<br \/>\ndirettrice artistica del festival e insegnante alla scuola di circo &#8220;Animativa&#8221;<\/p>\n<p>Springeth Eduard\u00a0 &#8211; Cassiere<br \/>\nfa parte sin dal 2007 del direttivo e si occupa assiema al presidente della parte\u00a0 economica<\/p>\n<\/div><\/section>\n\n<style type=\"text\/css\" data-created_by=\"avia_inline_auto\" id=\"style-css-av-55yryg-0b9b9207b210ff6ef7d089c47ef39ad0\">\n#top .hr.hr-invisible.av-55yryg-0b9b9207b210ff6ef7d089c47ef39ad0{\nheight:20px;\n}\n<\/style>\n<div  class='hr av-55yryg-0b9b9207b210ff6ef7d089c47ef39ad0 hr-invisible  avia-builder-el-5  el_after_av_textblock  el_before_av_textblock '><span class='hr-inner '><span class=\"hr-inner-style\"><\/span><\/span><\/div>\n<section  class='av_textblock_section av-4uutt4-f323bb3a0704b3e7a60d9f7710d65c99 '   itemscope=\"itemscope\" itemtype=\"https:\/\/schema.org\/CreativeWork\" ><div class='avia_textblock'  itemprop=\"text\" ><p><strong>Compensi dei consulenti e collaboratori esterni:<\/strong><\/p>\n<p>Wenter Andreas &#8211; 1.122,58 \u20ac<br \/>\ncommercialista assunto con accordo orale del 20\/04\/2007 che si rinnova automaticamente di anno in anno<\/p>\n<p>Vanzo Diego &#8211; 1.015,04 \u20ac<br \/>\ntecnico di sicurezza assunto con accordo orale del 02\/05\/2021 per il 2021<\/p>\n<p>Simeoni Karin &#8211; 211,20 \u20ac<br \/>\ntraduttrice assunto con accordo orale di giugno 2021 per il 2021<\/p>\n<\/div><\/section>\n\n<style type=\"text\/css\" data-created_by=\"avia_inline_auto\" id=\"style-css-av-246vfs-748dd850f079fb9f0877e00444c96dba\">\n#top .hr.hr-invisible.av-246vfs-748dd850f079fb9f0877e00444c96dba{\nheight:50px;\n}\n<\/style>\n<div  class='hr av-246vfs-748dd850f079fb9f0877e00444c96dba hr-invisible  avia-builder-el-7  el_after_av_textblock  el_before_av_textblock '><span class='hr-inner '><span class=\"hr-inner-style\"><\/span><\/span><\/div>\n<section  class='av_textblock_section av-js4e3xef-c2caaf3e8248c04bd3d989e4a4bee3e5 '   itemscope=\"itemscope\" itemtype=\"https:\/\/schema.org\/CreativeWork\" ><div class='avia_textblock'  itemprop=\"text\" ><p>In base alla legge n\u00b0 124 del 04.08.2017 le associazioni sono obbligate a pubblicare contributi ricevuti e altri benefici economici del settore pubblico e delle loro societ\u00e0 controllate, se l&#8217;importo totale nello stesso periodo dell&#8217;anno precedente ha superato il limite di 10.000 Euro.<\/p>\n<\/div><\/section>\n\n<style type=\"text\/css\" data-created_by=\"avia_inline_auto\" id=\"style-css-av-lk134f6d-d7956ccbb3a911f5e3c78ddcf577f2f7\">\n#top .hr.hr-invisible.av-lk134f6d-d7956ccbb3a911f5e3c78ddcf577f2f7{\nheight:40px;\n}\n<\/style>\n<div  class='hr av-lk134f6d-d7956ccbb3a911f5e3c78ddcf577f2f7 hr-invisible  avia-builder-el-9  el_after_av_textblock  el_before_av_one_fourth '><span class='hr-inner '><span class=\"hr-inner-style\"><\/span><\/span><\/div>\n<div  class='flex_column av-3mvr2g-7d5d638b1b5183c9dffbc355ae4a1069 av_one_fourth  avia-builder-el-10  el_after_av_hr  el_before_av_one_fourth  first flex_column_div  '     ><style type=\"text\/css\" data-created_by=\"avia_inline_auto\" id=\"style-css-av-lk13brjc-d11726b874b2ece2e47acaa6e6341f08\">\n.av_font_icon.av-lk13brjc-d11726b874b2ece2e47acaa6e6341f08 .av-icon-char{\nfont-size:40px;\nline-height:40px;\nwidth:40px;\n}\n<\/style>\n<span  class='av_font_icon av-lk13brjc-d11726b874b2ece2e47acaa6e6341f08 avia_animate_when_visible av-icon-style-border avia-icon-pos-left avia-iconfont avia-font-entypo-fontello av-no-color avia-icon-animate'><a href='https:\/\/art.kallmuenz.it\/wp-content\/uploads\/2025\/07\/Transparenzgesetz-2024.pdf'  target=\"_blank\"  rel=\"noopener noreferrer\"  class='av-icon-char' data-av_icon='\ue82d' data-av_iconfont='entypo-fontello' aria-hidden=\"false\" ><\/a><span class='av_icon_caption av-special-font'>Contributi ricevutinel 2024<\/span><\/span><\/div><div  class='flex_column av-av_one_fourth-58a6369d5c19d308284fa729d91312fa av_one_fourth  avia-builder-el-12  el_after_av_one_fourth  el_before_av_one_fourth  flex_column_div  '     ><style type=\"text\/css\" data-created_by=\"avia_inline_auto\" id=\"style-css-av-av_font_icon-32c5ebdd89f9170067431aab923bb426\">\n.av_font_icon.av-av_font_icon-32c5ebdd89f9170067431aab923bb426 .av-icon-char{\nfont-size:40px;\nline-height:40px;\nwidth:40px;\n}\n<\/style>\n<span  class='av_font_icon av-av_font_icon-32c5ebdd89f9170067431aab923bb426 avia_animate_when_visible av-icon-style-border avia-icon-pos-left avia-iconfont avia-font-entypo-fontello av-no-color avia-icon-animate'><a href='https:\/\/art.kallmuenz.it\/wp-content\/uploads\/2024\/04\/Transparenzgesetz-2023.pdf'  target=\"_blank\"  rel=\"noopener noreferrer\"  class='av-icon-char' data-av_icon='\ue82d' data-av_iconfont='entypo-fontello' aria-hidden=\"false\" ><\/a><span class='av_icon_caption av-special-font'>Contributi ricevutinel 2023<\/span><\/span><\/div><\/p>\n<div  class='flex_column av-359bk8-a3e69e27abdca825cd8eb858adcaf086 av_one_fourth  avia-builder-el-14  el_after_av_one_fourth  el_before_av_hr  flex_column_div  '     ><style type=\"text\/css\" data-created_by=\"avia_inline_auto\" id=\"style-css-av-2q1p20-ab5ca8d9e9e6f346240aa6d32250be6f\">\n.av_font_icon.av-2q1p20-ab5ca8d9e9e6f346240aa6d32250be6f .av-icon-char{\nfont-size:40px;\nline-height:40px;\nwidth:40px;\n}\n<\/style>\n<span  class='av_font_icon av-2q1p20-ab5ca8d9e9e6f346240aa6d32250be6f avia_animate_when_visible av-icon-style-border avia-icon-pos-left avia-iconfont avia-font-entypo-fontello av-no-color avia-icon-animate'><a href='https:\/\/art.kallmuenz.it\/wp-content\/uploads\/2023\/07\/Transparenzgesetz-2022.pdf'  target=\"_blank\"  rel=\"noopener noreferrer\"  class='av-icon-char' data-av_icon='\ue82d' data-av_iconfont='entypo-fontello' aria-hidden=\"false\" ><\/a><span class='av_icon_caption av-special-font'>Contributi ricevutinel 2022<\/span><\/span><\/div>\n\n<style type=\"text\/css\" data-created_by=\"avia_inline_auto\" id=\"style-css-av-2ircm0-aa864bf87092e6d70dc3d03ee1f9d62c\">\n#top .hr.hr-invisible.av-2ircm0-aa864bf87092e6d70dc3d03ee1f9d62c{\nheight:20px;\n}\n<\/style>\n<div  class='hr av-2ircm0-aa864bf87092e6d70dc3d03ee1f9d62c hr-invisible  avia-builder-el-16  el_after_av_one_fourth  el_before_av_table '><span class='hr-inner '><span class=\"hr-inner-style\"><\/span><\/span><\/div>\n<div class='avia-data-table-wrap av-2oylolk-a9916d034aefcb4b6696829e72e3141f avia_responsive_table avia-table-1'><table  class='avia-table avia-data-table avia_pricing_default  avia-builder-el-17  el_after_av_hr  el_before_av_table '  itemscope=\"itemscope\" itemtype=\"https:\/\/schema.org\/Table\" ><caption>erhaltene Beitr\u00e4ge im Jahr 2021<\/caption><tbody><tr class=''><td class=''>Aut. Provinz Bozen Abt. Kultur<\/td><td class=''>am 22.02.21 7.776,00 \u20ac f\u00fcr Sekretariat 2021<br \/>\n<\/td><\/tr><tr class=''><td class=''>Aut. Provinz Bozen Abt. Kultur<br \/>\n<\/td><td class=''>am 22.02.21 10.281,60 \u20ac f\u00fcr Asfaltart 2021<br \/>\n<\/td><\/tr><tr class=''><td class=''>Aut. Provinz Bozen Abt. Kultur<br \/>\n<\/td><td class=''>am 16.03.21 1.305,60 \u20ac f\u00fcr Asfaltart 2020<br \/>\n<\/td><\/tr><tr class=''><td class=''>Aut. Provinz Bozen Abt. Kultur<br \/>\n<\/td><td class=''>am 23.04.21 1.228,80 \u20ac f\u00fcr Sekretariat 2020<br \/>\n<\/td><\/tr><tr class=''><td class=''>Aut. Provinz Bozen Abt. Kultur<br \/>\n<\/td><td class=''>am 30.04.21 9.600,00 \u20ac f\u00fcr Kultur LKW<br \/>\n<\/td><\/tr><tr class=''><td class=''>Aut. Provinz Bozen Abt. Kultur<br \/>\n<\/td><td class=''>am 19.11.21 2.937,60 \u20ac f\u00fcr Asfaltart 2021<br \/>\n<\/td><\/tr><tr class=''><td class=''>Aut. Provinz Bozen Abt. Kultur<br \/>\n<\/td><td class=''>am 19.11.21 2.177,28 \u20ac f\u00fcr Sekretariat 2021<br \/>\n<\/td><\/tr><tr class=''><td class=''>Aut. Region Trentino S\u00fcdtirol<br \/>\n<\/td><td class=''>am 21.12.21 18.912,00 \u20ac f\u00fcr Asfaltart 2021<br \/>\n<\/td><\/tr><tr class=''><td class=''>Gemeinde Meran<br \/>\n<\/td><td class=''>am 25.02.21 7.200,00 \u20ac f\u00fcr Kultur LKW 2021<br \/>\n<\/td><\/tr><tr class=''><td class=''>Gemeinde Meran<br \/>\n<\/td><td class=''>am 16.07.21 7.200,00 \u20ac f\u00fcr Asfaltart 2021<br \/>\n<\/td><\/tr><tr class=''><td class=''>Gemeinde Meran<br \/>\n<\/td><td class=''>am 16.07.21 3.840,00 \u20ac f\u00fcr Asfaltart 2021<br \/>\n<\/td><\/tr><tr class=''><td class=''>Gemeinde Meran<br \/>\n<\/td><td class=''>am 13.12.21 7.200,00 \u20ac f\u00fcr Asfaltart 2021<br \/>\n<\/td><\/tr><tr class=''><td class=''>Gemeinde Meran<\/td><td class=''>am 13.12.21 3.840,00 \u20ac f\u00fcr Asfaltart 2021<br \/>\n<\/td><\/tr><tr class=''><td class=''>Ag Entrate covid 19<br \/>\n<\/td><td class=''>am 29.01.21 4000 \u20ac<br \/>\n<\/td><\/tr><tr class=''><td class=''>Ag Entrate covid 19<br \/>\n<\/td><td class=''>am 25.05.21 8478 \u20ac<br \/>\n<\/td><\/tr><tr class=''><td class=''>Ag Entrate covid 19<br \/>\n<\/td><td class=''>am 24.06.21 8478 \u20ac<br \/>\n<\/td><\/tr><tr class=''><td class=''>Ag Entrate covid 19<\/td><td class=''>am 03.08.21 313 \u20ac<br \/>\n<\/td><\/tr><tr class=''><td class=''>Agentur Landesdom\u00e4ne<\/td><td class=''>am 25.10.21 13420 \u20ac f\u00fcr Rechnung<br \/>\n<\/td><\/tr><tr class=''><td class=''>alperia<\/td><td class=''>am 26.07.21 18.300,00 \u20ac f\u00fcr Asfaltart 2021<\/td><\/tr><\/tbody><\/table><\/div>\n<div class='avia-data-table-wrap av-4va20y0-5a02258b47e95046a0fac4dddf774bfe avia_responsive_table avia-table-2'><table  class='avia-table avia-data-table avia_pricing_default  avia-builder-el-18  el_after_av_table  el_before_av_table '  itemscope=\"itemscope\" itemtype=\"https:\/\/schema.org\/Table\" ><caption>erhaltene Beitr\u00e4ge im Jahr 2020<\/caption><tbody><tr class=''><td class=''>alperia<\/td><td class=''>am 13\/01\/2020 \u20ac 18.300.- f\u00fcr \u201eAsfaltart\u201c 2019<br \/>\n<\/td><\/tr><tr class=''><td class=''>Autonome Region Trentino S\u00fcdtirol <\/td><td class=''>am 31\/01\/2020 \u20ac 19.200.- f\u00fcr \u201eAsfaltart\u201c 2019<br \/>\n<\/td><\/tr><tr class=''><td class=''>Autonome Provinz Bozen &#8211; Abteilung Kultur <\/td><td class=''>am 22\/04\/2020 \u20ac 1.632 f\u00fcr \u201eAsfaltart\u201c 2019<br \/>\n<\/td><\/tr><tr class=''><td class=''>Autonome Provinz Bozen &#8211; Abteilung Kultur <\/td><td class=''>am 23\/05\/2020 \u20ac 16.320.- f\u00fcr \u201eAsfaltart\u201c 2019<br \/>\n<\/td><\/tr><tr class=''><td class=''>Autonome Provinz Bozen &#8211; Abteilung Kultur <\/td><td class=''>am 11\/06\/2020 \u20ac 1.228,80 f\u00fcr \u201eSekretariat\u201c 2019<br \/>\n<\/td><\/tr><tr class=''><td class=''>Autonome Provinz Bozen &#8211; Abteilung Kultur <\/td><td class=''>am 20\/07\/2020 \u20ac 11.059,20 f\u00fcr \u201eSekretariat\u201c 2020<br \/>\n<\/td><\/tr><tr class=''><td class=''>Gemeinde Meran <\/td><td class=''>am 23\/07\/2020 \u20ac 11.040.- f\u00fcr \u201eKultur-LKW\u201c 2020<br \/>\n<\/td><\/tr><tr class=''><td class=''>Autonome Provinz Bozen &#8211; Abteilung Kultur <\/td><td class=''>am 01\/09\/2020 \u20ac 11.750,40 f\u00fcr \u201eAsfaltart reloaded\u201c 2020<br \/>\n<\/td><\/tr><tr class=''><td class=''>alperia <\/td><td class=''>am 23\/09\/2020 \u20ac 4.880.- f\u00fcr \u201eKultur-LKW\u201c 2020<br \/>\n<\/td><\/tr><tr class=''><td class=''>Autonome Region Trentino S\u00fcdtirol <\/td><td class=''>am 09\/12\/2020 \u20ac 16.274,82 f\u00fcr \u201eKultur-LKW\u201c 2020<\/td><\/tr><\/tbody><\/table><\/div>\n<div class='avia-data-table-wrap av-3fsw7ew-7cafb656aae4e31c910ada98e7c2fee3 avia_responsive_table avia-table-3'><table  class='avia-table avia-data-table avia_pricing_default  avia-builder-el-19  el_after_av_table  el_before_av_table '  itemscope=\"itemscope\" itemtype=\"https:\/\/schema.org\/Table\" ><caption>erhaltene Beitr\u00e4ge im Jahr 2019<\/caption><tbody><tr class=''><td class=''>Aut. Provinz Bozen &#8211; Abteilung Kultur <\/td><td class=''>\u20ac 5875,20 am 5.2.19 f\u00fcr \u201eAsfaltart 2019\u201c<br \/>\n<\/td><\/tr><tr class=''><td class=''>Aut. Provinz Bozen &#8211; Abteilung Kultur <\/td><td class=''>\u20ac 4561,92 am 5.2.19 f\u00fcr \u201eSekretariat 2019\u201c<br \/>\n<\/td><\/tr><tr class=''><td class=''>Aut. Provinz Bozen &#8211; Abteilung Kultur <\/td><td class=''>\u20ac 13824,00 am 19.2.19 f\u00fcr \u201eSalzburger Stier\u201c<br \/>\n<\/td><\/tr><tr class=''><td class=''>Aut. Region Trentino S\u00fcdtirol <\/td><td class=''>\u20ac 20160,00 am 1.4.19 f\u00fcr \u201eAsfaltart 2018\u201c<br \/>\n<\/td><\/tr><tr class=''><td class=''>Aut. Provinz Bozen &#8211; Abteilung Kultur <\/td><td class=''>\u20ac 1267,20 am 8.4.19 f\u00fcr \u201eSekretariat 2018\u201c<br \/>\n<\/td><\/tr><tr class=''><td class=''>Aut. Provinz Bozen &#8211; Abteilung Kultur <\/td><td class=''>\u20ac 1632,00 am 8.4.19 f\u00fcr \u201eAsfaltart 2018\u201c<br \/>\n<\/td><\/tr><tr class=''><td class=''>Aut. Provinz Bozen &#8211; Abteilung Handel <\/td><td class=''>\u20ac 16320,00 am 15.4.19 f\u00fcr \u201eAsfaltart 2018\u201c<br \/>\n<\/td><\/tr><tr class=''><td class=''>Gemeinde Meran <\/td><td class=''>\u20ac 22080,00 am 10.5.19 f\u00fcr \u201eAsfaltart 2019\u201c<br \/>\n<\/td><\/tr><tr class=''><td class=''>Aut. Provinz Bozen &#8211; Abteilung Kultur <\/td><td class=''>\u20ac 4406,40 am 7.6.19 f\u00fcr \u201eAsfaltart 2019\u201c<br \/>\n<\/td><\/tr><tr class=''><td class=''>Aut. Provinz Bozen &#8211; Abteilung Kultur <\/td><td class=''>\u20ac 3421,44 am 7.6.19 f\u00fcr \u201eSekretariat 2019\u201c<br \/>\n<\/td><\/tr><tr class=''><td class=''>RAI <\/td><td class=''>\u20ac 9760,00 am 26.8.19 f\u00fcr \u201eSalzburger Stier\u201c<br \/>\n<\/td><\/tr><tr class=''><td class=''>Aut. Provinz Bozen &#8211; Abteilung Kultur <\/td><td class=''>\u20ac 1536,00 am 10.9.19 f\u00fcr \u201eSalzburger Stier\u201c<br \/>\n<\/td><\/tr><tr class=''><td class=''>RAI <\/td><td class=''>\u20ac 38308,00 am 20.9.19 f\u00fcr \u201eSalzburger Stier\u201c<br \/>\n<\/td><\/tr><tr class=''><td class=''>Aut. Provinz Bozen &#8211; Abteilung Kultur <\/td><td class=''>\u20ac 4406,40 am 9.10.19 f\u00fcr \u201eAsfaltart 2019\u201c<br \/>\n<\/td><\/tr><tr class=''><td class=''>Aut. Provinz Bozen &#8211; Abteilung Kultur <\/td><td class=''>\u20ac 3075,84 am 9.10.19 f\u00fcr \u201eSekretariat 2019\u201c<br \/>\n<\/td><\/tr><tr class=''><td class=''>Stadtwerke Meran <\/td><td class=''>\u20ac 4880,00 am 11.9.19 f\u00fcr \u201eAsfaltart 2019&#8243;<br \/>\n<\/td><\/tr><tr class=''><td class=''>Gemeinde Meran <\/td><td class=''>\u20ac 1440,00 am 22.11.19 f\u00fcr \u201eAsfaltart 2019\u201c<\/td><\/tr><\/tbody><\/table><\/div>\n<div class='avia-data-table-wrap av-3pcp88-26533733996ae2bf4d8ff2b2e124927d avia_responsive_table avia-table-4'><table  class='avia-table avia-data-table avia_pricing_default  avia-builder-el-20  el_after_av_table  avia-builder-el-last '  itemscope=\"itemscope\" itemtype=\"https:\/\/schema.org\/Table\" ><caption>erhaltene Beitr\u00e4ge im Jahr 2018<\/caption><tbody><tr class=''><td class=''>Aut. Provinz Bozen &#8211; Abteilung Kultur <\/td><td class=''>\u20ac 11404,80 am 2.3.18 f\u00fcr \u201eSekretariat 2018\u201c<br \/>\n<\/td><\/tr><tr class=''><td class=''>Aut. Provinz Bozen &#8211; Abteilung Kultur <\/td><td class=''>\u20ac 14688,00 am 2.3.18 f\u00fcr \u201eAsfaltart 2018\u201c<br \/>\n<\/td><\/tr><tr class=''><td class=''>Aut. Provinz Bozen &#8211; Abteilung Handel <\/td><td class=''>\u20ac 16320,00 am 5.4.18 f\u00fcr \u201eAsfaltart 2017\u201c<br \/>\n<\/td><\/tr><tr class=''><td class=''>Gemeinde Meran <\/td><td class=''>\u20ac 22080,00 am 27.4.18 f\u00fcr \u201eAsfaltart 2018\u201c<br \/>\n<\/td><\/tr><tr class=''><td class=''>Stadtwerke Meran <\/td><td class=''>\u20ac 4880,00 am 1.8.18 f\u00fcr \u201eAsfaltart 2018\u201c<br \/>\n<\/td><\/tr><tr class=''><td class=''>alperia <\/td><td class=''>\u20ac 18300,00 am 6.8.18 f\u00fcr \u201eAsfaltart 2018&#8243;<br \/>\n<\/td><\/tr><tr class=''><td class=''>Aut. Provinz Bozen &#8211; Abteilung Kultur <\/td><td class=''>\u20ac 1228,80 am 16.10.2018 f\u00fcr \u201eSekretariat 2017\u201c<\/td><\/tr><\/tbody><\/table><\/div>\n","protected":false},"excerpt":{"rendered":"","protected":false},"author":4021,"featured_media":0,"parent":0,"menu_order":0,"comment_status":"closed","ping_status":"closed","template":"","meta":{"footnotes":""},"class_list":["post-1496","page","type-page","status-publish","hentry"],"yoast_head":"<!-- This site is optimized with the Yoast SEO plugin v27.5 - https:\/\/yoast.com\/product\/yoast-seo-wordpress\/ -->\n<title>Amministrazione Trasparente - Associazione Artistica Kallm\u00fcnz Merano<\/title>\n<meta name=\"description\" content=\"Amministrazione Trasparente: Gem\u00e4\u00df Gesetz Nr. 124 vom 04.08.2017 sind Vereine dazu verpflichtet, erhaltene Beitr\u00e4ge und sonstige \u00f6konomische Zuwendungen der ...\" \/>\n<meta name=\"robots\" content=\"index, follow, max-snippet:-1, max-image-preview:large, max-video-preview:-1\" \/>\n<link rel=\"canonical\" href=\"https:\/\/art.kallmuenz.it\/it\/amministrazione-trasparente\/\" \/>\n<meta property=\"og:locale\" content=\"it_IT\" \/>\n<meta property=\"og:type\" content=\"article\" \/>\n<meta property=\"og:title\" content=\"Amministrazione Trasparente - Associazione Artistica Kallm\u00fcnz Merano\" \/>\n<meta property=\"og:description\" content=\"Amministrazione Trasparente: Gem\u00e4\u00df Gesetz Nr. 124 vom 04.08.2017 sind Vereine dazu verpflichtet, erhaltene Beitr\u00e4ge und sonstige \u00f6konomische Zuwendungen der ...\" \/>\n<meta property=\"og:url\" content=\"https:\/\/art.kallmuenz.it\/it\/amministrazione-trasparente\/\" \/>\n<meta property=\"og:site_name\" content=\"Associazione Artistica Kallm\u00fcnz Merano\" \/>\n<meta property=\"article:publisher\" content=\"https:\/\/www.facebook.com\/KunstvereinKallmuenz\" \/>\n<meta property=\"article:modified_time\" content=\"2025-07-03T06:38:29+00:00\" \/>\n<script type=\"application\/ld+json\" class=\"yoast-schema-graph\">{\"@context\":\"https:\\\/\\\/schema.org\",\"@graph\":[{\"@type\":\"WebPage\",\"@id\":\"https:\\\/\\\/art.kallmuenz.it\\\/it\\\/amministrazione-trasparente\\\/\",\"url\":\"https:\\\/\\\/art.kallmuenz.it\\\/it\\\/amministrazione-trasparente\\\/\",\"name\":\"Amministrazione Trasparente - Associazione Artistica Kallm\u00fcnz Merano\",\"isPartOf\":{\"@id\":\"https:\\\/\\\/art.kallmuenz.it\\\/it\\\/#website\"},\"datePublished\":\"2019-02-14T09:16:50+00:00\",\"dateModified\":\"2025-07-03T06:38:29+00:00\",\"description\":\"Amministrazione Trasparente: Gem\u00e4\u00df Gesetz Nr. 124 vom 04.08.2017 sind Vereine dazu verpflichtet, erhaltene Beitr\u00e4ge und sonstige \u00f6konomische Zuwendungen der ...\",\"breadcrumb\":{\"@id\":\"https:\\\/\\\/art.kallmuenz.it\\\/it\\\/amministrazione-trasparente\\\/#breadcrumb\"},\"inLanguage\":\"it-IT\",\"potentialAction\":[{\"@type\":\"ReadAction\",\"target\":[\"https:\\\/\\\/art.kallmuenz.it\\\/it\\\/amministrazione-trasparente\\\/\"]}]},{\"@type\":\"BreadcrumbList\",\"@id\":\"https:\\\/\\\/art.kallmuenz.it\\\/it\\\/amministrazione-trasparente\\\/#breadcrumb\",\"itemListElement\":[{\"@type\":\"ListItem\",\"position\":1,\"name\":\"Startseite\",\"item\":\"https:\\\/\\\/art.kallmuenz.it\\\/it\\\/associazione-culturale-kallmuenz-merano\\\/\"},{\"@type\":\"ListItem\",\"position\":2,\"name\":\"Amministrazione Trasparente\"}]},{\"@type\":\"WebSite\",\"@id\":\"https:\\\/\\\/art.kallmuenz.it\\\/it\\\/#website\",\"url\":\"https:\\\/\\\/art.kallmuenz.it\\\/it\\\/\",\"name\":\"Associazione Artistica Kallm\u00fcnz Merano\",\"description\":\"Arte e cultura a Merano\",\"publisher\":{\"@id\":\"https:\\\/\\\/art.kallmuenz.it\\\/it\\\/#organization\"},\"potentialAction\":[{\"@type\":\"SearchAction\",\"target\":{\"@type\":\"EntryPoint\",\"urlTemplate\":\"https:\\\/\\\/art.kallmuenz.it\\\/it\\\/?s={search_term_string}\"},\"query-input\":{\"@type\":\"PropertyValueSpecification\",\"valueRequired\":true,\"valueName\":\"search_term_string\"}}],\"inLanguage\":\"it-IT\"},{\"@type\":\"Organization\",\"@id\":\"https:\\\/\\\/art.kallmuenz.it\\\/it\\\/#organization\",\"name\":\"Kunstverein Kallm\u00fcnz\",\"url\":\"https:\\\/\\\/art.kallmuenz.it\\\/it\\\/\",\"logo\":{\"@type\":\"ImageObject\",\"inLanguage\":\"it-IT\",\"@id\":\"https:\\\/\\\/art.kallmuenz.it\\\/it\\\/#\\\/schema\\\/logo\\\/image\\\/\",\"url\":\"https:\\\/\\\/art.kallmuenz.it\\\/wp-content\\\/uploads\\\/2017\\\/04\\\/kallmuenz_stempel-preloader.png\",\"contentUrl\":\"https:\\\/\\\/art.kallmuenz.it\\\/wp-content\\\/uploads\\\/2017\\\/04\\\/kallmuenz_stempel-preloader.png\",\"width\":200,\"height\":176,\"caption\":\"Kunstverein Kallm\u00fcnz\"},\"image\":{\"@id\":\"https:\\\/\\\/art.kallmuenz.it\\\/it\\\/#\\\/schema\\\/logo\\\/image\\\/\"},\"sameAs\":[\"https:\\\/\\\/www.facebook.com\\\/KunstvereinKallmuenz\"]}]}<\/script>\n<!-- \/ Yoast SEO plugin. -->","yoast_head_json":{"title":"Amministrazione Trasparente - Associazione Artistica Kallm\u00fcnz Merano","description":"Amministrazione Trasparente: Gem\u00e4\u00df Gesetz Nr. 124 vom 04.08.2017 sind Vereine dazu verpflichtet, erhaltene Beitr\u00e4ge und sonstige \u00f6konomische Zuwendungen der ...","robots":{"index":"index","follow":"follow","max-snippet":"max-snippet:-1","max-image-preview":"max-image-preview:large","max-video-preview":"max-video-preview:-1"},"canonical":"https:\/\/art.kallmuenz.it\/it\/amministrazione-trasparente\/","og_locale":"it_IT","og_type":"article","og_title":"Amministrazione Trasparente - Associazione Artistica Kallm\u00fcnz Merano","og_description":"Amministrazione Trasparente: Gem\u00e4\u00df Gesetz Nr. 124 vom 04.08.2017 sind Vereine dazu verpflichtet, erhaltene Beitr\u00e4ge und sonstige \u00f6konomische Zuwendungen der ...","og_url":"https:\/\/art.kallmuenz.it\/it\/amministrazione-trasparente\/","og_site_name":"Associazione Artistica Kallm\u00fcnz Merano","article_publisher":"https:\/\/www.facebook.com\/KunstvereinKallmuenz","article_modified_time":"2025-07-03T06:38:29+00:00","schema":{"@context":"https:\/\/schema.org","@graph":[{"@type":"WebPage","@id":"https:\/\/art.kallmuenz.it\/it\/amministrazione-trasparente\/","url":"https:\/\/art.kallmuenz.it\/it\/amministrazione-trasparente\/","name":"Amministrazione Trasparente - Associazione Artistica Kallm\u00fcnz Merano","isPartOf":{"@id":"https:\/\/art.kallmuenz.it\/it\/#website"},"datePublished":"2019-02-14T09:16:50+00:00","dateModified":"2025-07-03T06:38:29+00:00","description":"Amministrazione Trasparente: Gem\u00e4\u00df Gesetz Nr. 124 vom 04.08.2017 sind Vereine dazu verpflichtet, erhaltene Beitr\u00e4ge und sonstige \u00f6konomische Zuwendungen der ...","breadcrumb":{"@id":"https:\/\/art.kallmuenz.it\/it\/amministrazione-trasparente\/#breadcrumb"},"inLanguage":"it-IT","potentialAction":[{"@type":"ReadAction","target":["https:\/\/art.kallmuenz.it\/it\/amministrazione-trasparente\/"]}]},{"@type":"BreadcrumbList","@id":"https:\/\/art.kallmuenz.it\/it\/amministrazione-trasparente\/#breadcrumb","itemListElement":[{"@type":"ListItem","position":1,"name":"Startseite","item":"https:\/\/art.kallmuenz.it\/it\/associazione-culturale-kallmuenz-merano\/"},{"@type":"ListItem","position":2,"name":"Amministrazione Trasparente"}]},{"@type":"WebSite","@id":"https:\/\/art.kallmuenz.it\/it\/#website","url":"https:\/\/art.kallmuenz.it\/it\/","name":"Associazione Artistica Kallm\u00fcnz Merano","description":"Arte e cultura a Merano","publisher":{"@id":"https:\/\/art.kallmuenz.it\/it\/#organization"},"potentialAction":[{"@type":"SearchAction","target":{"@type":"EntryPoint","urlTemplate":"https:\/\/art.kallmuenz.it\/it\/?s={search_term_string}"},"query-input":{"@type":"PropertyValueSpecification","valueRequired":true,"valueName":"search_term_string"}}],"inLanguage":"it-IT"},{"@type":"Organization","@id":"https:\/\/art.kallmuenz.it\/it\/#organization","name":"Kunstverein Kallm\u00fcnz","url":"https:\/\/art.kallmuenz.it\/it\/","logo":{"@type":"ImageObject","inLanguage":"it-IT","@id":"https:\/\/art.kallmuenz.it\/it\/#\/schema\/logo\/image\/","url":"https:\/\/art.kallmuenz.it\/wp-content\/uploads\/2017\/04\/kallmuenz_stempel-preloader.png","contentUrl":"https:\/\/art.kallmuenz.it\/wp-content\/uploads\/2017\/04\/kallmuenz_stempel-preloader.png","width":200,"height":176,"caption":"Kunstverein Kallm\u00fcnz"},"image":{"@id":"https:\/\/art.kallmuenz.it\/it\/#\/schema\/logo\/image\/"},"sameAs":["https:\/\/www.facebook.com\/KunstvereinKallmuenz"]}]}},"_links":{"self":[{"href":"https:\/\/art.kallmuenz.it\/it\/wp-json\/wp\/v2\/pages\/1496","targetHints":{"allow":["GET"]}}],"collection":[{"href":"https:\/\/art.kallmuenz.it\/it\/wp-json\/wp\/v2\/pages"}],"about":[{"href":"https:\/\/art.kallmuenz.it\/it\/wp-json\/wp\/v2\/types\/page"}],"author":[{"embeddable":true,"href":"https:\/\/art.kallmuenz.it\/it\/wp-json\/wp\/v2\/users\/4021"}],"replies":[{"embeddable":true,"href":"https:\/\/art.kallmuenz.it\/it\/wp-json\/wp\/v2\/comments?post=1496"}],"version-history":[{"count":2,"href":"https:\/\/art.kallmuenz.it\/it\/wp-json\/wp\/v2\/pages\/1496\/revisions"}],"predecessor-version":[{"id":3097,"href":"https:\/\/art.kallmuenz.it\/it\/wp-json\/wp\/v2\/pages\/1496\/revisions\/3097"}],"wp:attachment":[{"href":"https:\/\/art.kallmuenz.it\/it\/wp-json\/wp\/v2\/media?parent=1496"}],"curies":[{"name":"wp","href":"https:\/\/api.w.org\/{rel}","templated":true}]}}