{"id":287,"date":"2018-11-23T09:00:24","date_gmt":"2018-11-23T08:00:24","guid":{"rendered":"https:\/\/www.kallmuenz.it\/entwurf2017\/impressum\/"},"modified":"2022-12-16T10:36:47","modified_gmt":"2022-12-16T09:36:47","slug":"colophon","status":"publish","type":"page","link":"https:\/\/art.kallmuenz.it\/it\/colophon\/","title":{"rendered":"Colophon"},"content":{"rendered":"\n<style type=\"text\/css\" data-created_by=\"avia_inline_auto\" id=\"style-css-av-azfk7-bb5933ab7983771782b753f97def3c19\">\n#top .av-special-heading.av-azfk7-bb5933ab7983771782b753f97def3c19{\npadding-bottom:10px;\ncolor:#555555;\n}\nbody .av-special-heading.av-azfk7-bb5933ab7983771782b753f97def3c19 .av-special-heading-tag .heading-char{\nfont-size:25px;\n}\n.av-special-heading.av-azfk7-bb5933ab7983771782b753f97def3c19 .special-heading-inner-border{\nborder-color:#555555;\n}\n.av-special-heading.av-azfk7-bb5933ab7983771782b753f97def3c19 .av-subheading{\nfont-size:15px;\n}\n<\/style>\n<div  class='av-special-heading av-azfk7-bb5933ab7983771782b753f97def3c19 av-special-heading-h1 custom-color-heading  avia-builder-el-0  el_before_av_one_half  avia-builder-el-first '><h1 class='av-special-heading-tag '  itemprop=\"headline\"  >Colophon<\/h1><div class=\"special-heading-border\"><div class=\"special-heading-inner-border\"><\/div><\/div><\/div>\n\n<style type=\"text\/css\" data-created_by=\"avia_inline_auto\" id=\"style-css-av-15dhd3-99d9788b627101135531688c39e428e5\">\n.flex_column.av-15dhd3-99d9788b627101135531688c39e428e5{\nborder-radius:0px 0px 0px 0px;\npadding:0px 0px 0px 0px;\n}\n<\/style>\n<div  class='flex_column av-15dhd3-99d9788b627101135531688c39e428e5 av_one_half  avia-builder-el-1  el_after_av_heading  el_before_av_one_half  first flex_column_div av-zero-column-padding  '     ><section  class='av_textblock_section av-xzccf-a97bf546587f24f600c9b45025614d03 '   itemscope=\"itemscope\" itemtype=\"https:\/\/schema.org\/CreativeWork\" ><div class='avia_textblock'  itemprop=\"text\" ><p><strong>Responsabile per il contenuto:<br \/>\n<\/strong>Associazione Culturale Kallm\u00fcnz<br \/>\nPresidente: Khuen Meinhard<br \/>\nI-39012 MERANO (BZ) &#8211; Piazza della Rena,\u00a012<br \/>\nTel. +39 335 64 81 702<br \/>\nEmail: <a href=\"mailto:events@kallmuenz.it\">events[at]kallmuenz.it<br \/>\n<\/a>Part. IVA: 02558970212<br \/>\nCod. Fisc.: 94021020212<\/p>\n<\/div><\/section><\/div>\n\n<style type=\"text\/css\" data-created_by=\"avia_inline_auto\" id=\"style-css-av-ti0h3-d04c900ccb0c20a008dfefc475ba0372\">\n.flex_column.av-ti0h3-d04c900ccb0c20a008dfefc475ba0372{\nborder-radius:0px 0px 0px 0px;\npadding:0px 0px 0px 0px;\n}\n<\/style>\n<div  class='flex_column av-ti0h3-d04c900ccb0c20a008dfefc475ba0372 av_one_half  avia-builder-el-3  el_after_av_one_half  el_before_av_section  avia-builder-el-last  flex_column_div av-zero-column-padding  '     ><section  class='av_textblock_section av-lne3b-5d2c251ab46dc5d7cf4232344d0cd6be '   itemscope=\"itemscope\" itemtype=\"https:\/\/schema.org\/CreativeWork\" ><div class='avia_textblock'  itemprop=\"text\" ><p><strong>Concetto\u00a0&amp; Design:<\/strong><br \/>\nandale grafic snc.<br \/>\nd. Ortner A.\u00a0&amp; Duschek\u00a0P.<br \/>\nI-39012 MERANO (BZ)<br \/>\nvicolo Passiria,\u00a02\/A<br \/>\nTel. +39 0473 690989<br \/>\nEmail: <a href=\"mailto:office@andale.info\">office[at]andale.info<\/a><br \/>\nWeb: <a href=\"http:\/\/www.andale.info\" target=\"_blank\" rel=\"noopener\">andale.info<\/a><\/p>\n<\/div><\/section><\/div>\n<\/div><\/div><\/div><!-- close content main div --><\/div><\/div><div id='av_section_1'  class='avia-section av-clgan-9d0e5773de6290571012dfb0bace0d58 alternate_color avia-section-default avia-no-border-styling  avia-builder-el-5  el_after_av_one_half  avia-builder-el-last  avia-bg-style-scroll container_wrap fullsize'  ><div class='container av-section-cont-open' ><div class='template-page content  av-content-full alpha units'><div class='post-entry post-entry-type-page post-entry-287'><div class='entry-content-wrapper clearfix'>\n\n<style type=\"text\/css\" data-created_by=\"avia_inline_auto\" id=\"style-css-av-7al5j-a8035db1c03f671e7111b6038fca5942\">\n#top .av_textblock_section.av-7al5j-a8035db1c03f671e7111b6038fca5942 .avia_textblock{\nfont-size:15px;\n}\n<\/style>\n<section  class='av_textblock_section av-7al5j-a8035db1c03f671e7111b6038fca5942 '   itemscope=\"itemscope\" itemtype=\"https:\/\/schema.org\/CreativeWork\" ><div class='avia_textblock'  itemprop=\"text\" ><p><strong>COPYRIGHT:<\/strong><br \/>\nI diritti d\u2019autore dei contenuti del sito web dell&#8217;ASSOCIAZIONE CULTURALE KALLM\u00dcNZ sono protetti. Tutti gli elementi dell\u2019interfaccia grafica e le immagini che non siano gi\u00e0 protette dal diritto d\u2019autore \u2013 \u00e8 di propriet\u00e0 e copyright dell&#8217;ASSOCIAZIONE CULTURALE KALLM\u00dcNZ. La riproduzione di informazioni, soprattutto l\u2019utilizzo di immagini o testi necessita della previa autorizzazione dell&#8217;ASSOCIAZIONE CULTURALE KALLM\u00dcNZ.<\/p>\n<p><strong>FONTE IMMAGINI:<\/strong><br \/>\nIcons: <a href=\"http:\/\/www.flaticon.com\/\" target=\"_blank\" rel=\"noopener\">Flaticon<\/a><\/p>\n<p><strong>ESCLUSIONE DI RESPONSABILIT\u00c0:<\/strong><br \/>\nL&#8217;ASSOCIAZIONE CULTURALE KALLM\u00dcNZ \u00e8 impegnata a provvedere alla correttezza delle informazioni contenute nel presente sito web. Comunque non si garantisce per l\u2019attualit\u00e0, correttezza e completezza delle informazioni rese a disposizione. Inoltre, dell&#8217;ASSOCIAZIONE\u00a0CULTURALE\u00a0KALLM\u00dcNZ non \u00e8 responsabile per il contenuto dei siti esterni connessi tramite hyperlink. L&#8217;ASSOCIAZIONE\u00a0CULTURALE\u00a0KALLM\u00dcNZ si riserva il diritto di cambiare o completare le informazioni rese a disposizione senza preavviso.<\/p>\n<p><strong>ESCLUSIONE DI RESPONSABILIT\u00c0:<\/strong><br \/>\nL&#8217;ASSOCIAZIONE\u00a0CULTURALE\u00a0KALLM\u00dcNZ non sar\u00e0 responsabile per il trattamento di dati personali effettuato da soggetti terzi ai quali sono stati comunicati i dati.<\/p>\n<\/div><\/section>\n\n","protected":false},"excerpt":{"rendered":"","protected":false},"author":4021,"featured_media":2205,"parent":0,"menu_order":0,"comment_status":"closed","ping_status":"closed","template":"","meta":{"footnotes":""},"class_list":["post-287","page","type-page","status-publish","has-post-thumbnail","hentry"],"yoast_head":"<!-- This site is optimized with the Yoast SEO plugin v27.5 - https:\/\/yoast.com\/product\/yoast-seo-wordpress\/ -->\n<title>Colophon - Associazione Artistica Kallm\u00fcnz Merano<\/title>\n<meta name=\"description\" content=\"Colophon: Associazione Artistica Kallm\u00fcnz - 39012 MERANO (BZ) - Piazza della Rena, 12 - Tel. 335 6481702 - Part. IVA: 02558970212 - Cod. Fisc.: 94021020212\" \/>\n<meta name=\"robots\" content=\"index, follow, max-snippet:-1, max-image-preview:large, max-video-preview:-1\" \/>\n<link rel=\"canonical\" href=\"https:\/\/art.kallmuenz.it\/it\/colophon\/\" \/>\n<meta property=\"og:locale\" content=\"it_IT\" \/>\n<meta property=\"og:type\" content=\"article\" \/>\n<meta property=\"og:title\" content=\"Colophon - Associazione Artistica Kallm\u00fcnz Merano\" \/>\n<meta property=\"og:description\" content=\"Colophon: Associazione Artistica Kallm\u00fcnz - 39012 MERANO (BZ) - Piazza della Rena, 12 - Tel. 335 6481702 - Part. IVA: 02558970212 - Cod. Fisc.: 94021020212\" \/>\n<meta property=\"og:url\" content=\"https:\/\/art.kallmuenz.it\/it\/colophon\/\" \/>\n<meta property=\"og:site_name\" content=\"Associazione Artistica Kallm\u00fcnz Merano\" \/>\n<meta property=\"article:publisher\" content=\"https:\/\/www.facebook.com\/KunstvereinKallmuenz\" \/>\n<meta property=\"article:modified_time\" content=\"2022-12-16T09:36:47+00:00\" \/>\n<meta property=\"og:image\" content=\"https:\/\/art.kallmuenz.it\/wp-content\/uploads\/2020\/12\/kallmuenz-kunstverein_logo-it.png\" \/>\n\t<meta property=\"og:image:width\" content=\"1030\" \/>\n\t<meta property=\"og:image:height\" content=\"687\" \/>\n\t<meta property=\"og:image:type\" content=\"image\/png\" \/>\n<script type=\"application\/ld+json\" class=\"yoast-schema-graph\">{\"@context\":\"https:\\\/\\\/schema.org\",\"@graph\":[{\"@type\":\"WebPage\",\"@id\":\"https:\\\/\\\/art.kallmuenz.it\\\/it\\\/colophon\\\/\",\"url\":\"https:\\\/\\\/art.kallmuenz.it\\\/it\\\/colophon\\\/\",\"name\":\"Colophon - Associazione Artistica Kallm\u00fcnz Merano\",\"isPartOf\":{\"@id\":\"https:\\\/\\\/art.kallmuenz.it\\\/it\\\/#website\"},\"primaryImageOfPage\":{\"@id\":\"https:\\\/\\\/art.kallmuenz.it\\\/it\\\/colophon\\\/#primaryimage\"},\"image\":{\"@id\":\"https:\\\/\\\/art.kallmuenz.it\\\/it\\\/colophon\\\/#primaryimage\"},\"thumbnailUrl\":\"https:\\\/\\\/art.kallmuenz.it\\\/wp-content\\\/uploads\\\/2020\\\/12\\\/kallmuenz-kunstverein_logo-it.png\",\"datePublished\":\"2018-11-23T08:00:24+00:00\",\"dateModified\":\"2022-12-16T09:36:47+00:00\",\"description\":\"Colophon: Associazione Artistica Kallm\u00fcnz - 39012 MERANO (BZ) - Piazza della Rena, 12 - Tel. 335 6481702 - Part. IVA: 02558970212 - Cod. Fisc.: 94021020212\",\"breadcrumb\":{\"@id\":\"https:\\\/\\\/art.kallmuenz.it\\\/it\\\/colophon\\\/#breadcrumb\"},\"inLanguage\":\"it-IT\",\"potentialAction\":[{\"@type\":\"ReadAction\",\"target\":[\"https:\\\/\\\/art.kallmuenz.it\\\/it\\\/colophon\\\/\"]}]},{\"@type\":\"ImageObject\",\"inLanguage\":\"it-IT\",\"@id\":\"https:\\\/\\\/art.kallmuenz.it\\\/it\\\/colophon\\\/#primaryimage\",\"url\":\"https:\\\/\\\/art.kallmuenz.it\\\/wp-content\\\/uploads\\\/2020\\\/12\\\/kallmuenz-kunstverein_logo-it.png\",\"contentUrl\":\"https:\\\/\\\/art.kallmuenz.it\\\/wp-content\\\/uploads\\\/2020\\\/12\\\/kallmuenz-kunstverein_logo-it.png\",\"width\":1030,\"height\":687,\"caption\":\"Associazione Culturale Kallm\u00fcnz Merano colophon\"},{\"@type\":\"BreadcrumbList\",\"@id\":\"https:\\\/\\\/art.kallmuenz.it\\\/it\\\/colophon\\\/#breadcrumb\",\"itemListElement\":[{\"@type\":\"ListItem\",\"position\":1,\"name\":\"Startseite\",\"item\":\"https:\\\/\\\/art.kallmuenz.it\\\/it\\\/associazione-culturale-kallmuenz-merano\\\/\"},{\"@type\":\"ListItem\",\"position\":2,\"name\":\"Colophon\"}]},{\"@type\":\"WebSite\",\"@id\":\"https:\\\/\\\/art.kallmuenz.it\\\/it\\\/#website\",\"url\":\"https:\\\/\\\/art.kallmuenz.it\\\/it\\\/\",\"name\":\"Associazione Artistica Kallm\u00fcnz Merano\",\"description\":\"Arte e cultura a Merano\",\"publisher\":{\"@id\":\"https:\\\/\\\/art.kallmuenz.it\\\/it\\\/#organization\"},\"potentialAction\":[{\"@type\":\"SearchAction\",\"target\":{\"@type\":\"EntryPoint\",\"urlTemplate\":\"https:\\\/\\\/art.kallmuenz.it\\\/it\\\/?s={search_term_string}\"},\"query-input\":{\"@type\":\"PropertyValueSpecification\",\"valueRequired\":true,\"valueName\":\"search_term_string\"}}],\"inLanguage\":\"it-IT\"},{\"@type\":\"Organization\",\"@id\":\"https:\\\/\\\/art.kallmuenz.it\\\/it\\\/#organization\",\"name\":\"Kunstverein Kallm\u00fcnz\",\"url\":\"https:\\\/\\\/art.kallmuenz.it\\\/it\\\/\",\"logo\":{\"@type\":\"ImageObject\",\"inLanguage\":\"it-IT\",\"@id\":\"https:\\\/\\\/art.kallmuenz.it\\\/it\\\/#\\\/schema\\\/logo\\\/image\\\/\",\"url\":\"https:\\\/\\\/art.kallmuenz.it\\\/wp-content\\\/uploads\\\/2017\\\/04\\\/kallmuenz_stempel-preloader.png\",\"contentUrl\":\"https:\\\/\\\/art.kallmuenz.it\\\/wp-content\\\/uploads\\\/2017\\\/04\\\/kallmuenz_stempel-preloader.png\",\"width\":200,\"height\":176,\"caption\":\"Kunstverein Kallm\u00fcnz\"},\"image\":{\"@id\":\"https:\\\/\\\/art.kallmuenz.it\\\/it\\\/#\\\/schema\\\/logo\\\/image\\\/\"},\"sameAs\":[\"https:\\\/\\\/www.facebook.com\\\/KunstvereinKallmuenz\"]}]}<\/script>\n<!-- \/ Yoast SEO plugin. -->","yoast_head_json":{"title":"Colophon - Associazione Artistica Kallm\u00fcnz Merano","description":"Colophon: Associazione Artistica Kallm\u00fcnz - 39012 MERANO (BZ) - Piazza della Rena, 12 - Tel. 335 6481702 - Part. IVA: 02558970212 - Cod. Fisc.: 94021020212","robots":{"index":"index","follow":"follow","max-snippet":"max-snippet:-1","max-image-preview":"max-image-preview:large","max-video-preview":"max-video-preview:-1"},"canonical":"https:\/\/art.kallmuenz.it\/it\/colophon\/","og_locale":"it_IT","og_type":"article","og_title":"Colophon - Associazione Artistica Kallm\u00fcnz Merano","og_description":"Colophon: Associazione Artistica Kallm\u00fcnz - 39012 MERANO (BZ) - Piazza della Rena, 12 - Tel. 335 6481702 - Part. IVA: 02558970212 - Cod. Fisc.: 94021020212","og_url":"https:\/\/art.kallmuenz.it\/it\/colophon\/","og_site_name":"Associazione Artistica Kallm\u00fcnz Merano","article_publisher":"https:\/\/www.facebook.com\/KunstvereinKallmuenz","article_modified_time":"2022-12-16T09:36:47+00:00","og_image":[{"width":1030,"height":687,"url":"https:\/\/art.kallmuenz.it\/wp-content\/uploads\/2020\/12\/kallmuenz-kunstverein_logo-it.png","type":"image\/png"}],"schema":{"@context":"https:\/\/schema.org","@graph":[{"@type":"WebPage","@id":"https:\/\/art.kallmuenz.it\/it\/colophon\/","url":"https:\/\/art.kallmuenz.it\/it\/colophon\/","name":"Colophon - Associazione Artistica Kallm\u00fcnz Merano","isPartOf":{"@id":"https:\/\/art.kallmuenz.it\/it\/#website"},"primaryImageOfPage":{"@id":"https:\/\/art.kallmuenz.it\/it\/colophon\/#primaryimage"},"image":{"@id":"https:\/\/art.kallmuenz.it\/it\/colophon\/#primaryimage"},"thumbnailUrl":"https:\/\/art.kallmuenz.it\/wp-content\/uploads\/2020\/12\/kallmuenz-kunstverein_logo-it.png","datePublished":"2018-11-23T08:00:24+00:00","dateModified":"2022-12-16T09:36:47+00:00","description":"Colophon: Associazione Artistica Kallm\u00fcnz - 39012 MERANO (BZ) - Piazza della Rena, 12 - Tel. 335 6481702 - Part. IVA: 02558970212 - Cod. Fisc.: 94021020212","breadcrumb":{"@id":"https:\/\/art.kallmuenz.it\/it\/colophon\/#breadcrumb"},"inLanguage":"it-IT","potentialAction":[{"@type":"ReadAction","target":["https:\/\/art.kallmuenz.it\/it\/colophon\/"]}]},{"@type":"ImageObject","inLanguage":"it-IT","@id":"https:\/\/art.kallmuenz.it\/it\/colophon\/#primaryimage","url":"https:\/\/art.kallmuenz.it\/wp-content\/uploads\/2020\/12\/kallmuenz-kunstverein_logo-it.png","contentUrl":"https:\/\/art.kallmuenz.it\/wp-content\/uploads\/2020\/12\/kallmuenz-kunstverein_logo-it.png","width":1030,"height":687,"caption":"Associazione Culturale Kallm\u00fcnz Merano colophon"},{"@type":"BreadcrumbList","@id":"https:\/\/art.kallmuenz.it\/it\/colophon\/#breadcrumb","itemListElement":[{"@type":"ListItem","position":1,"name":"Startseite","item":"https:\/\/art.kallmuenz.it\/it\/associazione-culturale-kallmuenz-merano\/"},{"@type":"ListItem","position":2,"name":"Colophon"}]},{"@type":"WebSite","@id":"https:\/\/art.kallmuenz.it\/it\/#website","url":"https:\/\/art.kallmuenz.it\/it\/","name":"Associazione Artistica Kallm\u00fcnz Merano","description":"Arte e cultura a Merano","publisher":{"@id":"https:\/\/art.kallmuenz.it\/it\/#organization"},"potentialAction":[{"@type":"SearchAction","target":{"@type":"EntryPoint","urlTemplate":"https:\/\/art.kallmuenz.it\/it\/?s={search_term_string}"},"query-input":{"@type":"PropertyValueSpecification","valueRequired":true,"valueName":"search_term_string"}}],"inLanguage":"it-IT"},{"@type":"Organization","@id":"https:\/\/art.kallmuenz.it\/it\/#organization","name":"Kunstverein Kallm\u00fcnz","url":"https:\/\/art.kallmuenz.it\/it\/","logo":{"@type":"ImageObject","inLanguage":"it-IT","@id":"https:\/\/art.kallmuenz.it\/it\/#\/schema\/logo\/image\/","url":"https:\/\/art.kallmuenz.it\/wp-content\/uploads\/2017\/04\/kallmuenz_stempel-preloader.png","contentUrl":"https:\/\/art.kallmuenz.it\/wp-content\/uploads\/2017\/04\/kallmuenz_stempel-preloader.png","width":200,"height":176,"caption":"Kunstverein Kallm\u00fcnz"},"image":{"@id":"https:\/\/art.kallmuenz.it\/it\/#\/schema\/logo\/image\/"},"sameAs":["https:\/\/www.facebook.com\/KunstvereinKallmuenz"]}]}},"_links":{"self":[{"href":"https:\/\/art.kallmuenz.it\/it\/wp-json\/wp\/v2\/pages\/287","targetHints":{"allow":["GET"]}}],"collection":[{"href":"https:\/\/art.kallmuenz.it\/it\/wp-json\/wp\/v2\/pages"}],"about":[{"href":"https:\/\/art.kallmuenz.it\/it\/wp-json\/wp\/v2\/types\/page"}],"author":[{"embeddable":true,"href":"https:\/\/art.kallmuenz.it\/it\/wp-json\/wp\/v2\/users\/4021"}],"replies":[{"embeddable":true,"href":"https:\/\/art.kallmuenz.it\/it\/wp-json\/wp\/v2\/comments?post=287"}],"version-history":[{"count":0,"href":"https:\/\/art.kallmuenz.it\/it\/wp-json\/wp\/v2\/pages\/287\/revisions"}],"wp:featuredmedia":[{"embeddable":true,"href":"https:\/\/art.kallmuenz.it\/it\/wp-json\/wp\/v2\/media\/2205"}],"wp:attachment":[{"href":"https:\/\/art.kallmuenz.it\/it\/wp-json\/wp\/v2\/media?parent=287"}],"curies":[{"name":"wp","href":"https:\/\/api.w.org\/{rel}","templated":true}]}}